{"id":53635,"date":"2022-11-22T16:48:02","date_gmt":"2022-11-22T16:48:02","guid":{"rendered":"https:\/\/cabrerarodriguez.com\/?page_id=53635"},"modified":"2022-11-24T15:32:50","modified_gmt":"2022-11-24T15:32:50","slug":"jose-alberto-ortega-perez-abogado","status":"publish","type":"page","link":"https:\/\/cabrerarodriguez.com\/en\/jose-alberto-ortega-perez-abogado\/","title":{"rendered":"Jos\u00e9 Alberto Ortega P\u00e9rez"},"content":{"rendered":"<p>[et_pb_section fb_built=&#8221;1&#8243; _builder_version=&#8221;4.16&#8243; custom_padding=&#8221;||0px||false|false&#8221; global_colors_info=&#8221;{}&#8221;][et_pb_row _builder_version=&#8221;4.16&#8243; custom_margin=&#8221;|auto|9px|auto||&#8221; global_colors_info=&#8221;{}&#8221;][et_pb_column type=&#8221;4_4&#8243; _builder_version=&#8221;4.16&#8243; global_colors_info=&#8221;{}&#8221;][et_pb_text _builder_version=&#8221;4.19.0&#8243; text_font=&#8221;Raleway|200|||||||&#8221; text_text_color=&#8221;#223c5b&#8221; text_font_size=&#8221;50px&#8221; header_font=&#8221;Raleway|200|||||||&#8221; header_font_size=&#8221;50px&#8221; header_line_height=&#8221;2em&#8221; text_orientation=&#8221;center&#8221; custom_margin=&#8221;||||false|false&#8221; text_font_size_tablet=&#8221;&#8221; text_font_size_phone=&#8221;40px&#8221; text_font_size_last_edited=&#8221;on|phone&#8221; header_font_size_tablet=&#8221;50px&#8221; header_font_size_phone=&#8221;40px&#8221; header_font_size_last_edited=&#8221;on|phone&#8221; header_line_height_tablet=&#8221;2em&#8221; header_line_height_phone=&#8221;1.2em&#8221; header_line_height_last_edited=&#8221;on|phone&#8221; locked=&#8221;off&#8221; global_colors_info=&#8221;{}&#8221;]<\/p>\n<h1 style=\"text-align: left;\">Jos\u00e9 Alberto Ortega P\u00e9rez<\/h1>\n<p>[\/et_pb_text][\/et_pb_column][\/et_pb_row][et_pb_row column_structure=&#8221;1_2,1_2&#8243; _builder_version=&#8221;4.16&#8243; width_tablet=&#8221;&#8221; width_phone=&#8221;85%&#8221; width_last_edited=&#8221;on|phone&#8221; custom_padding=&#8221;|||0px|false|false&#8221; global_colors_info=&#8221;{}&#8221;][et_pb_column type=&#8221;1_2&#8243; _builder_version=&#8221;4.16&#8243; global_colors_info=&#8221;{}&#8221;][et_pb_image src=&#8221;https:\/\/cabrerarodriguez.com\/wp-content\/uploads\/2022\/11\/Jose-alberto-Ortega-3.jpg&#8221; alt=&#8221;Jos\u00e9 Alberto Ortega&#8221; title_text=&#8221;Jose-alberto-Ortega&#8221; _builder_version=&#8221;4.19.0&#8243; _module_preset=&#8221;default&#8221; hover_enabled=&#8221;0&#8243; global_colors_info=&#8221;{}&#8221; sticky_enabled=&#8221;0&#8243;][\/et_pb_image][\/et_pb_column][et_pb_column type=&#8221;1_2&#8243; _builder_version=&#8221;4.16&#8243; global_colors_info=&#8221;{}&#8221;][et_pb_text ul_type=&#8221;square&#8221; ul_item_indent=&#8221;40px&#8221; _builder_version=&#8221;4.19.0&#8243; text_font=&#8221;Raleway||||||||&#8221; text_text_color=&#8221;#565656&#8243; text_font_size=&#8221;18px&#8221; text_line_height=&#8221;1.6em&#8221; ul_font=&#8221;||||||||&#8221; ul_text_color=&#8221;#565656&#8243; ul_line_height=&#8221;1.6em&#8221; header_3_font=&#8221;||||||||&#8221; custom_margin=&#8221;||7px|||&#8221; global_colors_info=&#8221;{}&#8221;]<\/p>\n<h3>Head of the Legal Area. Lawyer.<\/h3>\n<p>[\/et_pb_text][et_pb_text ul_type=&#8221;square&#8221; ul_item_indent=&#8221;40px&#8221; _builder_version=&#8221;4.19.0&#8243; text_font=&#8221;Raleway||||||||&#8221; text_text_color=&#8221;#565656&#8243; text_font_size=&#8221;18px&#8221; text_line_height=&#8221;1.6em&#8221; ul_font=&#8221;||||||||&#8221; ul_text_color=&#8221;#565656&#8243; ul_line_height=&#8221;1.6em&#8221; custom_margin=&#8221;13px|||||&#8221; global_colors_info=&#8221;{}&#8221;]<\/p>\n<p>Member of the College of Lawyers of Madrid since 2000.<\/p>\n<p>Graduate in Law from the Complutense University of Madrid.<\/p>\n<p>Master&#8217;s degree in health law from the Complutense University of Madrid.<\/p>\n<p>Master&#8217;s degree in Positive Psychology from the IEPP, Madrid.<\/p>\n<p>[\/et_pb_text][et_pb_blurb use_icon=&#8221;on&#8221; font_icon=&#8221;&#xe076;||divi||400&#8243; icon_color=&#8221;#5b5b5b&#8221; icon_placement=&#8221;left&#8221; image_icon_width=&#8221;20px&#8221; _builder_version=&#8221;4.19.0&#8243; _module_preset=&#8221;default&#8221; body_text_align=&#8221;left&#8221; body_font_size=&#8221;16px&#8221; body_line_height=&#8221;3em&#8221; image_icon_custom_padding=&#8221;15px|15px|15px|15px|true|true&#8221; custom_margin=&#8221;0px|||0px|false|false&#8221; custom_margin_tablet=&#8221;0px|||0px|false|false&#8221; custom_margin_phone=&#8221;0px|||0px|false|false&#8221; custom_margin_last_edited=&#8221;on|desktop&#8221; custom_padding=&#8221;0px||||false|false&#8221; icon_font_size=&#8221;23px&#8221; global_colors_info=&#8221;{}&#8221;]<\/p>\n<p><a href=\"mailto:alberto.ortega@cabrerarodriguez.com\">alberto.ortega@cabrerarodriguez.com<\/a><\/p>\n<p>[\/et_pb_blurb][et_pb_blurb use_icon=&#8221;on&#8221; font_icon=&#8221;&#xe09d;||divi||400&#8243; icon_color=&#8221;#5b5b5b&#8221; icon_placement=&#8221;left&#8221; image_icon_width=&#8221;20px&#8221; _builder_version=&#8221;4.19.0&#8243; _module_preset=&#8221;default&#8221; body_text_align=&#8221;left&#8221; body_font_size=&#8221;16px&#8221; body_line_height=&#8221;3em&#8221; image_icon_custom_padding=&#8221;15px|15px|15px|15px|true|true&#8221; custom_margin=&#8221;0px|||0px|false|false&#8221; custom_margin_tablet=&#8221;0px|||0px|false|false&#8221; custom_margin_phone=&#8221;0px|||0px|false|false&#8221; custom_margin_last_edited=&#8221;on|desktop&#8221; custom_padding=&#8221;0px||||false|false&#8221; icon_font_size=&#8221;23px&#8221; global_colors_info=&#8221;{}&#8221;]<\/p>\n<p><a href=\"https:\/\/www.linkedin.com\/in\/alberto-ortega-perez-78797bb2\/\" target=\"_blank\" rel=\"noopener noreferrer\">linkedin.com\/in\/alberto-ortega-perez<\/a><\/p>\n<p>[\/et_pb_blurb][et_pb_blurb use_icon=&#8221;on&#8221; font_icon=&#8221;&#xe066;||divi||400&#8243; icon_color=&#8221;#5b5b5b&#8221; icon_placement=&#8221;left&#8221; image_icon_width=&#8221;20px&#8221; _builder_version=&#8221;4.19.0&#8243; _module_preset=&#8221;default&#8221; body_text_align=&#8221;left&#8221; body_font_size=&#8221;16px&#8221; body_line_height=&#8221;3em&#8221; image_icon_custom_padding=&#8221;15px|15px|15px|15px|true|true&#8221; custom_margin=&#8221;0px|||0px|false|false&#8221; custom_margin_tablet=&#8221;0px|||0px|false|false&#8221; custom_margin_phone=&#8221;0px|||0px|false|false&#8221; custom_margin_last_edited=&#8221;on|desktop&#8221; custom_padding=&#8221;0px||||false|false&#8221; icon_font_size=&#8221;23px&#8221; global_colors_info=&#8221;{}&#8221;]<\/p>\n<p>Spanish and English<\/p>\n<p>[\/et_pb_blurb][\/et_pb_column][\/et_pb_row][\/et_pb_section][et_pb_section fb_built=&#8221;1&#8243; _builder_version=&#8221;4.16&#8243; _module_preset=&#8221;default&#8221; custom_padding=&#8221;16px|||||&#8221; locked=&#8221;off&#8221; global_colors_info=&#8221;{}&#8221;][et_pb_row _builder_version=&#8221;4.16&#8243; _module_preset=&#8221;default&#8221; custom_padding=&#8221;23px|||||&#8221; global_colors_info=&#8221;{}&#8221;][et_pb_column type=&#8221;4_4&#8243; _builder_version=&#8221;4.16&#8243; _module_preset=&#8221;default&#8221; global_colors_info=&#8221;{}&#8221;][et_pb_button button_url=&#8221;https:\/\/cabrerarodriguez.com\/en\/team\/&#8221; button_text=&#8221;Back to team&#8221; button_alignment=&#8221;center&#8221; _builder_version=&#8221;4.19.0&#8243; _module_preset=&#8221;default&#8221; custom_button=&#8221;on&#8221; button_text_color=&#8221;#ffffff&#8221; button_bg_color=&#8221;#5b5b5b&#8221; button_border_width=&#8221;0px&#8221; button_border_radius=&#8221;0px&#8221; button_use_icon=&#8221;off&#8221; global_colors_info=&#8221;{}&#8221;][\/et_pb_button][\/et_pb_column][\/et_pb_row][\/et_pb_section]<\/p>\n","protected":false},"excerpt":{"rendered":"<p>Jos\u00e9 Alberto Ortega P\u00e9rezHead of the Legal Area. Lawyer.Member of the College of Lawyers of Madrid since 2000. Graduate in Law from the Complutense University of Madrid. Master&#8217;s degree in health law from the Complutense University of Madrid. Master&#8217;s degree in Positive Psychology from the IEPP, Madrid.alberto.ortega@cabrerarodriguez.comlinkedin.com\/in\/alberto-ortega-perezSpanish and English<\/p>\n","protected":false},"author":17,"featured_media":53685,"parent":0,"menu_order":0,"comment_status":"closed","ping_status":"closed","template":"","meta":{"_acf_changed":false,"_et_pb_use_builder":"on","_et_pb_old_content":"<p>[et_pb_section fb_built=\"1\" _builder_version=\"4.6.6\" custom_padding=\"||0px||false|false\"][et_pb_row _builder_version=\"4.6.6\" custom_margin=\"|auto|9px|auto||\"][et_pb_column type=\"4_4\" _builder_version=\"4.4.8\"][et_pb_text _builder_version=\"4.6.6\" text_font=\"Raleway|200|||||||\" text_text_color=\"#223c5b\" text_font_size=\"50px\" text_orientation=\"center\" custom_margin=\"||||false|false\" text_font_size_tablet=\"\" text_font_size_phone=\"40px\" text_font_size_last_edited=\"on|phone\"]<\/p><p style=\"text-align: left;\">Ana D\u00edaz Ageitos<\/p><p>[\/et_pb_text][\/et_pb_column][\/et_pb_row][et_pb_row column_structure=\"1_2,1_2\" _builder_version=\"4.4.8\"][et_pb_column type=\"1_2\" _builder_version=\"4.4.8\"][et_pb_image src=\"https:\/\/cabrerarodriguez.com\/wp-content\/uploads\/2019\/08\/ana_diaz.jpg\" alt=\"Ana D\u00edaz Ageitos\" title_text=\"ana_diaz\" _builder_version=\"4.6.6\" _module_preset=\"default\"][\/et_pb_image][\/et_pb_column][et_pb_column type=\"1_2\" _builder_version=\"4.4.8\"][et_pb_text ul_type=\"square\" ul_item_indent=\"40px\" _builder_version=\"4.6.6\" text_font=\"Raleway||||||||\" text_text_color=\"#565656\" text_font_size=\"18px\" text_line_height=\"1.6em\" ul_font=\"||||||||\" ul_text_color=\"#565656\" ul_line_height=\"1.6em\" header_3_font=\"||||||||\" custom_margin=\"||7px|||\"]<\/p><h3>Auxiliar Jur\u00eddico. Traductora.<\/h3><p>[\/et_pb_text][et_pb_text ul_type=\"square\" ul_item_indent=\"40px\" _builder_version=\"4.6.6\" text_font=\"Raleway||||||||\" text_text_color=\"#565656\" text_font_size=\"18px\" text_line_height=\"1.6em\" ul_font=\"||||||||\" ul_text_color=\"#565656\" ul_line_height=\"1.6em\" custom_margin=\"13px|||||\"]<\/p><p style=\"text-align: justify;\">Licenciada en Filolog\u00eda Inglesa por la Universidad de Santiago de Compostela.<\/p><p>[\/et_pb_text][et_pb_blurb use_icon=\"on\" font_icon=\"%%238%%\" icon_placement=\"left\" use_icon_font_size=\"on\" icon_font_size=\"23px\" _builder_version=\"4.6.6\" _module_preset=\"default\" body_font_size=\"16px\" custom_margin=\"||0px||false|false\" custom_padding=\"||10px||false|false\"]<\/p><p><a href=\"mailto:ana.diaz@cabrerarodriguez.com\">ana.diaz@cabrerarodriguez.com<\/a><\/p><p>[\/et_pb_blurb][et_pb_blurb use_icon=\"on\" font_icon=\"%%301%%\" icon_placement=\"left\" use_icon_font_size=\"on\" icon_font_size=\"23px\" _builder_version=\"4.6.6\" _module_preset=\"default\" body_font_size=\"16px\" custom_margin=\"||0px||false|false\" custom_padding=\"||10px||false|false\"]<\/p><p><a href=\"https:\/\/www.linkedin.com\/in\/ana-d%C3%ADaz-ageitos-096714168\/\" target=\"_blank\" rel=\"noopener noreferrer\">linkedin.com\/in\/ana-diaz-ageitos<\/a><\/p><p>[\/et_pb_blurb][et_pb_blurb use_icon=\"on\" font_icon=\"%%222%%\" icon_placement=\"left\" use_icon_font_size=\"on\" icon_font_size=\"23px\" _builder_version=\"4.6.6\" _module_preset=\"default\" body_font_size=\"16px\" custom_margin=\"||0px||false|false\" custom_padding=\"||10px||false|false\"]<\/p><p>Espa\u00f1ol e ingl\u00e9s<\/p><p>[\/et_pb_blurb][\/et_pb_column][\/et_pb_row][\/et_pb_section]<\/p>","_et_gb_content_width":"","footnotes":""},"class_list":["post-53635","page","type-page","status-publish","has-post-thumbnail","hentry"],"acf":[],"yoast_head":"<!-- This site is optimized with the Yoast SEO plugin v27.4 - https:\/\/yoast.com\/product\/yoast-seo-wordpress\/ -->\n<title>Jos\u00e9 Alberto Ortega P\u00e9rez lawyer- Cabrera Rodr\u00edguez<\/title>\n<meta name=\"description\" content=\"Jose Alberto Ortega is Lawyer at the law firm Cabrera Rodr\u00edguez Abogados y Asesores Tributarios. Contact us.\" \/>\n<meta name=\"robots\" content=\"index, follow, max-snippet:-1, max-image-preview:large, max-video-preview:-1\" \/>\n<link rel=\"canonical\" href=\"https:\/\/cabrerarodriguez.com\/en\/jose-alberto-ortega-perez-abogado\/\" \/>\n<meta property=\"og:locale\" content=\"en_US\" \/>\n<meta property=\"og:type\" content=\"article\" \/>\n<meta property=\"og:title\" content=\"Jos\u00e9 Alberto Ortega P\u00e9rez lawyer- Cabrera Rodr\u00edguez\" \/>\n<meta property=\"og:description\" content=\"Jose Alberto Ortega is Lawyer at the law firm Cabrera Rodr\u00edguez Abogados y Asesores Tributarios. Contact us.\" \/>\n<meta property=\"og:url\" content=\"https:\/\/cabrerarodriguez.com\/en\/jose-alberto-ortega-perez-abogado\/\" \/>\n<meta property=\"og:site_name\" content=\"Cabrera Rodr\u00edguez\" \/>\n<meta property=\"article:modified_time\" content=\"2022-11-24T15:32:50+00:00\" \/>\n<meta name=\"twitter:card\" content=\"summary_large_image\" \/>\n<meta name=\"twitter:label1\" content=\"Est. reading time\" \/>\n\t<meta name=\"twitter:data1\" content=\"2 minutes\" \/>\n<script type=\"application\/ld+json\" class=\"yoast-schema-graph\">{\"@context\":\"https:\\\/\\\/schema.org\",\"@graph\":[{\"@type\":\"WebPage\",\"@id\":\"https:\\\/\\\/cabrerarodriguez.com\\\/en\\\/jose-alberto-ortega-perez-abogado\\\/\",\"url\":\"https:\\\/\\\/cabrerarodriguez.com\\\/en\\\/jose-alberto-ortega-perez-abogado\\\/\",\"name\":\"Jos\u00e9 Alberto Ortega P\u00e9rez lawyer- Cabrera Rodr\u00edguez\",\"isPartOf\":{\"@id\":\"https:\\\/\\\/cabrerarodriguez.com\\\/#website\"},\"primaryImageOfPage\":{\"@id\":\"https:\\\/\\\/cabrerarodriguez.com\\\/en\\\/jose-alberto-ortega-perez-abogado\\\/#primaryimage\"},\"image\":{\"@id\":\"https:\\\/\\\/cabrerarodriguez.com\\\/en\\\/jose-alberto-ortega-perez-abogado\\\/#primaryimage\"},\"thumbnailUrl\":\"\",\"datePublished\":\"2022-11-22T16:48:02+00:00\",\"dateModified\":\"2022-11-24T15:32:50+00:00\",\"description\":\"Jose Alberto Ortega is Lawyer at the law firm Cabrera Rodr\u00edguez Abogados y Asesores Tributarios. Contact us.\",\"breadcrumb\":{\"@id\":\"https:\\\/\\\/cabrerarodriguez.com\\\/en\\\/jose-alberto-ortega-perez-abogado\\\/#breadcrumb\"},\"inLanguage\":\"en-US\",\"potentialAction\":[{\"@type\":\"ReadAction\",\"target\":[\"https:\\\/\\\/cabrerarodriguez.com\\\/en\\\/jose-alberto-ortega-perez-abogado\\\/\"]}]},{\"@type\":\"ImageObject\",\"inLanguage\":\"en-US\",\"@id\":\"https:\\\/\\\/cabrerarodriguez.com\\\/en\\\/jose-alberto-ortega-perez-abogado\\\/#primaryimage\",\"url\":\"\",\"contentUrl\":\"\"},{\"@type\":\"BreadcrumbList\",\"@id\":\"https:\\\/\\\/cabrerarodriguez.com\\\/en\\\/jose-alberto-ortega-perez-abogado\\\/#breadcrumb\",\"itemListElement\":[{\"@type\":\"ListItem\",\"position\":1,\"name\":\"Portada\",\"item\":\"https:\\\/\\\/cabrerarodriguez.com\\\/en\\\/\"},{\"@type\":\"ListItem\",\"position\":2,\"name\":\"Jos\u00e9 Alberto Ortega P\u00e9rez\"}]},{\"@type\":\"WebSite\",\"@id\":\"https:\\\/\\\/cabrerarodriguez.com\\\/#website\",\"url\":\"https:\\\/\\\/cabrerarodriguez.com\\\/\",\"name\":\"Cabrera Rodr\u00edguez\",\"description\":\"Abogados y asesores tributarios\",\"publisher\":{\"@id\":\"https:\\\/\\\/cabrerarodriguez.com\\\/#organization\"},\"potentialAction\":[{\"@type\":\"SearchAction\",\"target\":{\"@type\":\"EntryPoint\",\"urlTemplate\":\"https:\\\/\\\/cabrerarodriguez.com\\\/?s={search_term_string}\"},\"query-input\":{\"@type\":\"PropertyValueSpecification\",\"valueRequired\":true,\"valueName\":\"search_term_string\"}}],\"inLanguage\":\"en-US\"},{\"@type\":\"Organization\",\"@id\":\"https:\\\/\\\/cabrerarodriguez.com\\\/#organization\",\"name\":\"Cabrera Rodr\u00edguez\",\"url\":\"https:\\\/\\\/cabrerarodriguez.com\\\/\",\"logo\":{\"@type\":\"ImageObject\",\"inLanguage\":\"en-US\",\"@id\":\"https:\\\/\\\/cabrerarodriguez.com\\\/#\\\/schema\\\/logo\\\/image\\\/\",\"url\":\"https:\\\/\\\/cabrerarodriguez.com\\\/wp-content\\\/uploads\\\/2019\\\/09\\\/logo_cabrera_rodriguez_2-1.png\",\"contentUrl\":\"https:\\\/\\\/cabrerarodriguez.com\\\/wp-content\\\/uploads\\\/2019\\\/09\\\/logo_cabrera_rodriguez_2-1.png\",\"width\":600,\"height\":300,\"caption\":\"Cabrera Rodr\u00edguez\"},\"image\":{\"@id\":\"https:\\\/\\\/cabrerarodriguez.com\\\/#\\\/schema\\\/logo\\\/image\\\/\"}}]}<\/script>\n<!-- \/ Yoast SEO plugin. -->","yoast_head_json":{"title":"Jos\u00e9 Alberto Ortega P\u00e9rez lawyer- Cabrera Rodr\u00edguez","description":"Jose Alberto Ortega is Lawyer at the law firm Cabrera Rodr\u00edguez Abogados y Asesores Tributarios. Contact us.","robots":{"index":"index","follow":"follow","max-snippet":"max-snippet:-1","max-image-preview":"max-image-preview:large","max-video-preview":"max-video-preview:-1"},"canonical":"https:\/\/cabrerarodriguez.com\/en\/jose-alberto-ortega-perez-abogado\/","og_locale":"en_US","og_type":"article","og_title":"Jos\u00e9 Alberto Ortega P\u00e9rez lawyer- Cabrera Rodr\u00edguez","og_description":"Jose Alberto Ortega is Lawyer at the law firm Cabrera Rodr\u00edguez Abogados y Asesores Tributarios. Contact us.","og_url":"https:\/\/cabrerarodriguez.com\/en\/jose-alberto-ortega-perez-abogado\/","og_site_name":"Cabrera Rodr\u00edguez","article_modified_time":"2022-11-24T15:32:50+00:00","twitter_card":"summary_large_image","twitter_misc":{"Est. reading time":"2 minutes"},"schema":{"@context":"https:\/\/schema.org","@graph":[{"@type":"WebPage","@id":"https:\/\/cabrerarodriguez.com\/en\/jose-alberto-ortega-perez-abogado\/","url":"https:\/\/cabrerarodriguez.com\/en\/jose-alberto-ortega-perez-abogado\/","name":"Jos\u00e9 Alberto Ortega P\u00e9rez lawyer- Cabrera Rodr\u00edguez","isPartOf":{"@id":"https:\/\/cabrerarodriguez.com\/#website"},"primaryImageOfPage":{"@id":"https:\/\/cabrerarodriguez.com\/en\/jose-alberto-ortega-perez-abogado\/#primaryimage"},"image":{"@id":"https:\/\/cabrerarodriguez.com\/en\/jose-alberto-ortega-perez-abogado\/#primaryimage"},"thumbnailUrl":"","datePublished":"2022-11-22T16:48:02+00:00","dateModified":"2022-11-24T15:32:50+00:00","description":"Jose Alberto Ortega is Lawyer at the law firm Cabrera Rodr\u00edguez Abogados y Asesores Tributarios. Contact us.","breadcrumb":{"@id":"https:\/\/cabrerarodriguez.com\/en\/jose-alberto-ortega-perez-abogado\/#breadcrumb"},"inLanguage":"en-US","potentialAction":[{"@type":"ReadAction","target":["https:\/\/cabrerarodriguez.com\/en\/jose-alberto-ortega-perez-abogado\/"]}]},{"@type":"ImageObject","inLanguage":"en-US","@id":"https:\/\/cabrerarodriguez.com\/en\/jose-alberto-ortega-perez-abogado\/#primaryimage","url":"","contentUrl":""},{"@type":"BreadcrumbList","@id":"https:\/\/cabrerarodriguez.com\/en\/jose-alberto-ortega-perez-abogado\/#breadcrumb","itemListElement":[{"@type":"ListItem","position":1,"name":"Portada","item":"https:\/\/cabrerarodriguez.com\/en\/"},{"@type":"ListItem","position":2,"name":"Jos\u00e9 Alberto Ortega P\u00e9rez"}]},{"@type":"WebSite","@id":"https:\/\/cabrerarodriguez.com\/#website","url":"https:\/\/cabrerarodriguez.com\/","name":"Cabrera Rodr\u00edguez","description":"Abogados y asesores tributarios","publisher":{"@id":"https:\/\/cabrerarodriguez.com\/#organization"},"potentialAction":[{"@type":"SearchAction","target":{"@type":"EntryPoint","urlTemplate":"https:\/\/cabrerarodriguez.com\/?s={search_term_string}"},"query-input":{"@type":"PropertyValueSpecification","valueRequired":true,"valueName":"search_term_string"}}],"inLanguage":"en-US"},{"@type":"Organization","@id":"https:\/\/cabrerarodriguez.com\/#organization","name":"Cabrera Rodr\u00edguez","url":"https:\/\/cabrerarodriguez.com\/","logo":{"@type":"ImageObject","inLanguage":"en-US","@id":"https:\/\/cabrerarodriguez.com\/#\/schema\/logo\/image\/","url":"https:\/\/cabrerarodriguez.com\/wp-content\/uploads\/2019\/09\/logo_cabrera_rodriguez_2-1.png","contentUrl":"https:\/\/cabrerarodriguez.com\/wp-content\/uploads\/2019\/09\/logo_cabrera_rodriguez_2-1.png","width":600,"height":300,"caption":"Cabrera Rodr\u00edguez"},"image":{"@id":"https:\/\/cabrerarodriguez.com\/#\/schema\/logo\/image\/"}}]}},"_links":{"self":[{"href":"https:\/\/cabrerarodriguez.com\/en\/wp-json\/wp\/v2\/pages\/53635","targetHints":{"allow":["GET"]}}],"collection":[{"href":"https:\/\/cabrerarodriguez.com\/en\/wp-json\/wp\/v2\/pages"}],"about":[{"href":"https:\/\/cabrerarodriguez.com\/en\/wp-json\/wp\/v2\/types\/page"}],"author":[{"embeddable":true,"href":"https:\/\/cabrerarodriguez.com\/en\/wp-json\/wp\/v2\/users\/17"}],"replies":[{"embeddable":true,"href":"https:\/\/cabrerarodriguez.com\/en\/wp-json\/wp\/v2\/comments?post=53635"}],"version-history":[{"count":0,"href":"https:\/\/cabrerarodriguez.com\/en\/wp-json\/wp\/v2\/pages\/53635\/revisions"}],"wp:featuredmedia":[{"embeddable":true,"href":"https:\/\/cabrerarodriguez.com\/en\/wp-json\/"}],"wp:attachment":[{"href":"https:\/\/cabrerarodriguez.com\/en\/wp-json\/wp\/v2\/media?parent=53635"}],"curies":[{"name":"wp","href":"https:\/\/api.w.org\/{rel}","templated":true}]}}